{"id":69,"date":"2018-05-23T07:25:38","date_gmt":"2018-05-23T05:25:38","guid":{"rendered":"http:\/\/www.jirku.eu\/?page_id=69"},"modified":"2018-05-23T07:26:13","modified_gmt":"2018-05-23T05:26:13","slug":"ochrana-osobnich-udaju","status":"publish","type":"page","link":"https:\/\/www.jirku.eu\/?page_id=69","title":{"rendered":"Ochrana osobn\u00edch \u00fadaj\u016f"},"content":{"rendered":"<p style=\"text-align: center;\"><strong>Ochrana osobn\u00edch \u00fadaj\u016f<\/strong><\/p>\n<p style=\"text-align: center;\"><strong>Podm\u00ednky ochrany osobn\u00edch \u00fadaj\u016f<\/strong><\/p>\n<p><strong>\u00a0<\/strong><\/p>\n<p style=\"text-align: center;\"><strong>I.<\/strong><\/p>\n<p style=\"text-align: center;\"><strong>Z\u00e1kladn\u00ed ustanoven\u00ed<\/strong><\/p>\n<ol>\n<li>Spr\u00e1vcem osobn\u00edch \u00fadaj\u016f podle \u010dl. 4 bod 7 na\u0159\u00edzen\u00ed Evropsk\u00e9ho parlamentu a Rady (EU) 2016\/679 o ochran\u011b fyzick\u00fdch osob v souvislosti se zpracov\u00e1n\u00edm osobn\u00edch \u00fadaj\u016f a o voln\u00e9m pohybu t\u011bchto \u00fadaj\u016f (d\u00e1le jen: \u201e<strong>GDPR<\/strong>\u201d) je <strong><u>Martin Jirk\u016f I\u010c\u00a048924385<\/u><\/strong> (d\u00e1le jen: \u201e<strong>spr\u00e1vce<\/strong>\u201c).<\/li>\n<li>Osobn\u00edmi \u00fadaji se rozum\u00ed ve\u0161ker\u00e9 informace o identifikovan\u00e9 nebo identifikovateln\u00e9 fyzick\u00e9 osob\u011b; identifikovatelnou fyzickou osobou je fyzick\u00e1 osoba, kterou lze p\u0159\u00edmo \u010di nep\u0159\u00edmo identifikovat, zejm\u00e9na odkazem na ur\u010dit\u00fd identifik\u00e1tor, nap\u0159\u00edklad jm\u00e9no, identifika\u010dn\u00ed \u010d\u00edslo, loka\u010dn\u00ed \u00fadaje, s\u00ed\u0165ov\u00fd identifik\u00e1tor nebo na jeden \u010di v\u00edce zvl\u00e1\u0161tn\u00edch prvk\u016f fyzick\u00e9, fyziologick\u00e9, genetick\u00e9, psychick\u00e9, ekonomick\u00e9, kulturn\u00ed nebo spole\u010densk\u00e9 identity t\u00e9to fyzick\u00e9 osoby.<\/li>\n<li>Spr\u00e1vce nejmenoval pov\u011b\u0159ence pro ochranu osobn\u00edch \u00fadaj\u016f.<\/li>\n<\/ol>\n<p style=\"text-align: center;\"><strong>II.<\/strong><\/p>\n<p style=\"text-align: center;\"><strong>Zdroje a kategorie zpracov\u00e1van\u00fdch osobn\u00edch \u00fadaj\u016f<\/strong><\/p>\n<ol>\n<li>Spr\u00e1vce zpracov\u00e1v\u00e1 osobn\u00ed \u00fadaje, kter\u00e9 jste mu poskytl\/a nebo osobn\u00ed \u00fadaje, kter\u00e9 spr\u00e1vce z\u00edskal na z\u00e1klad\u011b pln\u011bn\u00ed Va\u0161\u00ed objedn\u00e1vky.<\/li>\n<li>Spr\u00e1vce zpracov\u00e1v\u00e1 Va\u0161e identifika\u010dn\u00ed a kontaktn\u00ed \u00fadaje a \u00fadaje nezbytn\u00e9 pro pln\u011bn\u00ed smlouvy a d\u00e1le \u00fadaje p\u0159edepsan\u00e9 z\u00e1konem &#8211; \u010d. 185\/2001 Sb., o odpadech, v\u00a0platn\u00e9m zn\u011bn\u00ed a jeho prov\u00e1d\u011bc\u00ed vyhl\u00e1\u0161kou.<\/li>\n<\/ol>\n<p style=\"text-align: center;\"><strong>III.<\/strong><\/p>\n<p style=\"text-align: center;\"><strong>Z\u00e1konn\u00fd d\u016fvod a \u00fa\u010del zpracov\u00e1n\u00ed osobn\u00edch \u00fadaj\u016f<\/strong><\/p>\n<ol>\n<li>Z\u00e1konn\u00fdm d\u016fvodem zpracov\u00e1n\u00ed osobn\u00edch \u00fadaj\u016f je<\/li>\n<\/ol>\n<ul>\n<li>pln\u011bn\u00ed smlouvy mezi V\u00e1mi a\u00a0spr\u00e1vcem podle \u010dl. 6 odst. 1 p\u00edsm. b) GDPR,<\/li>\n<li>pln\u011bn\u00ed z\u00e1konn\u00e9 povinnosti (viz z\u00e1kon o odpadech)<\/li>\n<\/ul>\n<ol>\n<li>\u00da\u010delem zpracov\u00e1n\u00ed osobn\u00edch \u00fadaj\u016f je<\/li>\n<\/ol>\n<ul>\n<li>vy\u0159\u00edzen\u00ed Va\u0161\u00ed objedn\u00e1vky \/ poskytnut\u00ed slu\u017eby a v\u00fdkon pr\u00e1v a povinnost\u00ed vypl\u00fdvaj\u00edc\u00edch ze smluvn\u00edho vztahu mezi V\u00e1mi a spr\u00e1vcem; p\u0159i poskytov\u00e1n\u00ed slu\u017eby jsou vy\u017eadov\u00e1ny osobn\u00ed \u00fadaje, kter\u00e9 jsou nutn\u00e9 pro \u00fasp\u011b\u0161n\u00e9 vy\u0159\u00edzen\u00ed (jm\u00e9no a adresa, kontakt), a z\u00e1konn\u00fd po\u017eadavek na jednozna\u010dnou identifikaci (jm\u00e9no, p\u0159\u00edjmen\u00ed, datum narozen\u00ed, \u010d\u00edslo osobn\u00edho dokladu, pop\u0159. \u010d\u00edslo \u00fa\u010dtu. Poskytnut\u00ed osobn\u00edch \u00fadaj\u016f je nutn\u00fdm po\u017eadavkem pro uzav\u0159en\u00ed a pln\u011bn\u00ed smluvn\u00edho vztahu, bez poskytnut\u00ed osobn\u00edch \u00fadaj\u016f nen\u00ed mo\u017en\u00e9 smlouvu uzav\u0159\u00edt \u010di j\u00ed ze strany spr\u00e1vce plnit,<\/li>\n<\/ul>\n<ol>\n<li>Ze strany spr\u00e1vce nedoch\u00e1z\u00ed k\u00a0automatick\u00e9mu individu\u00e1ln\u00edmu rozhodov\u00e1n\u00ed ve\u00a0smyslu \u010dl. 22 GDPR.<\/li>\n<\/ol>\n<p style=\"text-align: center;\"><strong>IV.<\/strong><\/p>\n<p style=\"text-align: center;\"><strong>Doba uchov\u00e1v\u00e1n\u00ed \u00fadaj\u016f<\/strong><\/p>\n<ol>\n<li>Spr\u00e1vce uchov\u00e1v\u00e1 osobn\u00ed \u00fadaje<\/li>\n<\/ol>\n<ul>\n<li>po dobu nezbytnou k v\u00fdkonu pr\u00e1v a povinnost\u00ed vypl\u00fdvaj\u00edc\u00edch ze smluvn\u00edho vztahu mezi V\u00e1mi a spr\u00e1vcem a uplat\u0148ov\u00e1n\u00ed n\u00e1rok\u016f z t\u011bchto smluvn\u00edch vztah\u016f a pln\u011bn\u00ed z\u00e1konn\u00e9 povinnosti (po dobu 15 let od ukon\u010den\u00ed smluvn\u00edho vztahu).<\/li>\n<\/ul>\n<ol>\n<li>Po uplynut\u00ed doby uchov\u00e1v\u00e1n\u00ed osobn\u00edch \u00fadaj\u016f spr\u00e1vce osobn\u00ed \u00fadaje vyma\u017ee.<\/li>\n<\/ol>\n<p style=\"text-align: center;\"><strong>V.<\/strong><\/p>\n<p style=\"text-align: center;\"><strong>P\u0159\u00edjemci osobn\u00edch \u00fadaj\u016f (subdodavatel\u00e9 spr\u00e1vce)<\/strong><\/p>\n<ol>\n<li>P\u0159\u00edjemci osobn\u00edch \u00fadaj\u016f jsou osoby:<\/li>\n<\/ol>\n<ul>\n<li>pod\u00edlej\u00edc\u00ed se na dod\u00e1n\u00ed zbo\u017e\u00ed \/ slu\u017eeb \/ realizaci plateb na z\u00e1klad\u011b smlouvy,<\/li>\n<\/ul>\n<ol start=\"2\">\n<li>Spr\u00e1vce nem\u00e1 v \u00famyslu p\u0159edat osobn\u00ed \u00fadaje do t\u0159et\u00ed zem\u011b (do zem\u011b mimo EU) nebo mezin\u00e1rodn\u00ed organizaci.<\/li>\n<\/ol>\n<p style=\"text-align: center;\"><strong>VI.<\/strong><\/p>\n<p style=\"text-align: center;\"><strong>Va\u0161e pr\u00e1va<\/strong><\/p>\n<ol>\n<li>Za podm\u00ednek stanoven\u00fdch v\u00a0GDPR m\u00e1te\n<ul>\n<li>pr\u00e1vo na p\u0159\u00edstup ke sv\u00fdm osobn\u00edm \u00fadaj\u016fm dle \u010dl. 15 GDPR,<\/li>\n<li>pr\u00e1vo opravu osobn\u00edch \u00fadaj\u016f dle \u010dl. 16 GDPR, pop\u0159\u00edpad\u011b omezen\u00ed zpracov\u00e1n\u00ed dle \u010dl. 18 GDPR.<\/li>\n<li>pr\u00e1vo na v\u00fdmaz osobn\u00edch \u00fadaj\u016f dle \u010dl. 17 GDPR.<\/li>\n<li>pr\u00e1vo vzn\u00e9st n\u00e1mitku proti zpracov\u00e1n\u00ed dle \u010dl. 21 GDPR a<\/li>\n<li>pr\u00e1vo na p\u0159enositelnost \u00fadaj\u016f dle \u010dl. 20 GDPR.<\/li>\n<\/ul>\n<\/li>\n<\/ol>\n<ol start=\"2\">\n<li>Uveden\u00e1 pr\u00e1va m\u016f\u017eete uplatnit u spr\u00e1vce \u2013 Martin Jirk\u016f Jirk\u016f I\u010c 48924385, e-mail: <a href=\"mailto:mjirku@iol.cz\">mjirku@iol.cz<\/a>, nebo na adrese provozovny Konopi\u0161\u0165sk\u00e1 ulice, Bene\u0161ov 25601.<\/li>\n<li>D\u00e1le m\u00e1te pr\u00e1vo podat st\u00ed\u017enost u \u00da\u0159adu pro ochranu osobn\u00edch \u00fadaj\u016f v p\u0159\u00edpad\u011b, \u017ee se domn\u00edv\u00e1te, \u017ee bylo poru\u0161eno Va\u0161\u00ed pr\u00e1vo na ochranu osobn\u00edch \u00fadaj\u016f.<\/li>\n<\/ol>\n<p style=\"text-align: center;\"><strong>VII.<\/strong><\/p>\n<p style=\"text-align: center;\"><strong>Podm\u00ednky zabezpe\u010den\u00ed osobn\u00edch \u00fadaj\u016f<\/strong><\/p>\n<ol>\n<li>Spr\u00e1vce prohla\u0161uje, \u017ee p\u0159ijal ve\u0161ker\u00e1 vhodn\u00e1 technick\u00e1 a organiza\u010dn\u00ed opat\u0159en\u00ed k\u00a0zabezpe\u010den\u00ed osobn\u00edch \u00fadaj\u016f.<\/li>\n<li>Spr\u00e1vce prohla\u0161uje, \u017ee k\u00a0osobn\u00edm \u00fadaj\u016fm maj\u00ed p\u0159\u00edstup pouze j\u00edm pov\u011b\u0159en\u00e9 osoby.<\/li>\n<\/ol>\n<p>&nbsp;<\/p>\n<p>&nbsp;<\/p>\n<p style=\"text-align: center;\"><strong>VIII.<\/strong><\/p>\n<p style=\"text-align: center;\"><strong>Z\u00e1v\u011bre\u010dn\u00e1 ustanoven\u00ed<\/strong><\/p>\n<ol>\n<li>Spr\u00e1vce je opr\u00e1vn\u011bn tyto podm\u00ednky zm\u011bnit. Novou verzi podm\u00ednek ochrany osobn\u00edch \u00fadaj\u016f zve\u0159ejn\u00ed na sv\u00fdch internetov\u00fdch str\u00e1nk\u00e1ch a z\u00e1rove\u0148 V\u00e1m za\u0161le novou verzi t\u011bchto podm\u00ednek Va\u0161i e-mailovou adresu, kterou jste spr\u00e1vci poskytl\/a.<\/li>\n<\/ol>\n<p style=\"text-align: center;\"><strong>Tyto podm\u00ednky nab\u00fdvaj\u00ed \u00fa\u010dinnosti dnem 25.5.2018.<\/strong><\/p>\n<h2><strong>\u00a0<\/strong><\/h2>\n<h2><strong>Souvisej\u00edc\u00ed legislativa<\/strong><\/h2>\n<p><a href=\"https:\/\/www.zakonyprolidi.cz\/cs\/2000-101\">Z\u00e1kon \u010d. 101\/2000 Sb., o ochran\u011b osobn\u00edch \u00fadaj\u016f<\/a>.<\/p>\n<p><a href=\"https:\/\/www.zakonyprolidi.cz\/cs\/2012-89\">Z\u00e1kon \u010d. 89\/2012 Sb., ob\u010dansk\u00fd z\u00e1kon\u00edk<\/a>.<\/p>\n<p><a href=\"https:\/\/www.zakonyprolidi.cz\/cs\/2005-127\">Z\u00e1kon \u010d. 127\/2005 Sb. ,o elektronick\u00fdch komunikac\u00edch<\/a>.<\/p>\n<p><a href=\"https:\/\/www.zakonyprolidi.cz\/cs\/2014-181\">Z\u00e1kon \u010d. 181\/2014 Sb. o kybernetick\u00e9 bezpe\u010dnosti<\/a>.<\/p>\n<p><a href=\"https:\/\/www.gdpr.cz\/gdpr\/kompletni-zneni-gdpr\/\">Na\u0159\u00edzen\u00ed\u00a0GDPR<\/a><\/p>\n<p><strong>\u00a0<\/strong><\/p>\n","protected":false},"excerpt":{"rendered":"<p>Ochrana osobn\u00edch \u00fadaj\u016f Podm\u00ednky ochrany osobn\u00edch \u00fadaj\u016f \u00a0 I. Z\u00e1kladn\u00ed ustanoven\u00ed Spr\u00e1vcem osobn\u00edch \u00fadaj\u016f podle \u010dl. 4 bod 7 na\u0159\u00edzen\u00ed Evropsk\u00e9ho parlamentu a Rady (EU) 2016\/679 o ochran\u011b fyzick\u00fdch osob v souvislosti se zpracov\u00e1n\u00edm osobn\u00edch \u00fadaj\u016f a o voln\u00e9m pohybu t\u011bchto \u00fadaj\u016f (d\u00e1le jen: \u201eGDPR\u201d) je Martin Jirk\u016f I\u010c\u00a048924385 (d\u00e1le jen: \u201espr\u00e1vce\u201c). Osobn\u00edmi \u00fadaji se [&hellip;]<\/p>\n","protected":false},"author":1,"featured_media":0,"parent":0,"menu_order":6,"comment_status":"closed","ping_status":"closed","template":"","meta":{"footnotes":""},"class_list":["post-69","page","type-page","status-publish","hentry"],"_links":{"self":[{"href":"https:\/\/www.jirku.eu\/index.php?rest_route=\/wp\/v2\/pages\/69"}],"collection":[{"href":"https:\/\/www.jirku.eu\/index.php?rest_route=\/wp\/v2\/pages"}],"about":[{"href":"https:\/\/www.jirku.eu\/index.php?rest_route=\/wp\/v2\/types\/page"}],"author":[{"embeddable":true,"href":"https:\/\/www.jirku.eu\/index.php?rest_route=\/wp\/v2\/users\/1"}],"replies":[{"embeddable":true,"href":"https:\/\/www.jirku.eu\/index.php?rest_route=%2Fwp%2Fv2%2Fcomments&post=69"}],"version-history":[{"count":2,"href":"https:\/\/www.jirku.eu\/index.php?rest_route=\/wp\/v2\/pages\/69\/revisions"}],"predecessor-version":[{"id":71,"href":"https:\/\/www.jirku.eu\/index.php?rest_route=\/wp\/v2\/pages\/69\/revisions\/71"}],"wp:attachment":[{"href":"https:\/\/www.jirku.eu\/index.php?rest_route=%2Fwp%2Fv2%2Fmedia&parent=69"}],"curies":[{"name":"wp","href":"https:\/\/api.w.org\/{rel}","templated":true}]}}